{"id":1872,"date":"2021-03-14T11:09:18","date_gmt":"2021-03-14T10:09:18","guid":{"rendered":"https:\/\/adler-leukerbad.ch\/?page_id=1872"},"modified":"2022-06-02T16:09:47","modified_gmt":"2022-06-02T14:09:47","slug":"preise","status":"publish","type":"page","link":"https:\/\/adler-leukerbad.ch\/fr\/preise\/","title":{"rendered":"Prix"},"content":{"rendered":"<section class=\"l-section wpb_row us_custom_af28659f height_auto width_full with_img\"><div class=\"l-section-img\" role=\"img\" aria-label=\"Image\" data-img-width=\"1920\" data-img-height=\"1080\" style=\"background-image: url(https:\/\/adler-leukerbad.ch\/wp-content\/uploads\/2021\/02\/adler-header.jpg);\"><\/div><div class=\"l-section-h i-cf\"><div class=\"g-cols vc_row via_flex valign_top type_boxes stacking_default\"><div class=\"vc_col-sm-12 wpb_column vc_column_container\"><div class=\"vc_column-inner\"><div class=\"wpb_wrapper\"><div class=\"wpb_text_column seitentitel\"><div class=\"wpb_wrapper\"><h1>Prix actuels<\/h1>\n<\/div><\/div><\/div><\/div><\/div><\/div><\/div><\/section><section class=\"l-section wpb_row height_huge\"><div class=\"l-section-h i-cf\"><div class=\"g-cols vc_row via_flex valign_top type_default stacking_default\"><div class=\"vc_col-sm-12 wpb_column vc_column_container\"><div class=\"vc_column-inner\"><div class=\"wpb_wrapper\"><div class=\"wpb_text_column\"><div class=\"wpb_wrapper\"><h3>Aper\u00e7u des prix<\/h3>\n<p>Avec le <a href=\"\/fr\/nouvelle-location\/\"><span style=\"color: #0000ff;\">transfert<\/span><\/a> de la location \u00e0 Mme Hanss de <a href=\"http:\/\/ferien-vacances.ch\"><span style=\"color: #0000ff;\">Ferien-Vacances<\/span><\/a>, les prix et les conditions changent. Ils sont d\u00e9sormais indiqu\u00e9s individuellement pour chaque appartement et par saison. Veuillez suivre le lien &lsquo;Occupation et prix&rsquo; pour l&rsquo;appartement souhait\u00e9.<\/p>\n<h4>Prix des appartements<\/h4>\n<ul>\n<li>Studio : \u00a0 \u00a0 \u00a0 \u00a0 \u00a0 \u00a0 \u00a0 \u00a0 65.00 &#8211; 77.00<\/li>\n<li>2 1\/2 chambres :\u00a0 75.00 &#8211; 103.00<\/li>\n<li>3 1\/2 chambres :\u00a0\u00a0 90.00 &#8211; 120.00<\/li>\n<\/ul>\n<h4>Inclus dans le prix<\/h4>\n<ul>\n<li>Une place de parking dans le garage, acc\u00e8s sans neige<\/li>\n<li>Eau chaude, chauffage, \u00e9lectricit\u00e9, radio, TV,<\/li>\n<li>Internet (WiFi), LBC+Card ( prestations voir sous www.leukerbad.ch\/lbc )<\/li>\n<\/ul>\n<h4>Frais suppl\u00e9mentaires<\/h4>\n<ul>\n<li>Linge de lit et serviettes de bain par personne : 25.00<\/li>\n<li>Nettoyage final :\u00a0 65.00 \u00e0 120.00<\/li>\n<\/ul>\n<h4>Taxe de s\u00e9jour<\/h4>\n<ul>\n<li>Adultes :\u00a0 6.00 par jour<\/li>\n<li>Enfants :\u00a0 3.00 par jour<\/li>\n<\/ul>\n<p><strong>Tous les prix sont en CHF !<\/strong><\/p>\n<p>&nbsp;<\/p>\n<p>&nbsp;<\/p>\n<p>Traduit avec www.DeepL.com\/Translator (version gratuite)<\/p>\n<\/div><\/div><\/div><\/div><\/div><\/div><\/div><\/section>\n","protected":false},"excerpt":{"rendered":"Prix actuels Aper\u00e7u des prix Avec le transfert de la location \u00e0 Mme Hanss de Ferien-Vacances, les prix et les conditions changent. Ils sont d\u00e9sormais indiqu\u00e9s individuellement pour chaque appartement et par saison. Veuillez suivre le lien &lsquo;Occupation et prix&rsquo; pour l&rsquo;appartement souhait\u00e9. Prix des appartements Studio : \u00a0 \u00a0 \u00a0 \u00a0 \u00a0 \u00a0 \u00a0...","protected":false},"author":3,"featured_media":0,"parent":0,"menu_order":0,"comment_status":"closed","ping_status":"closed","template":"","meta":{"footnotes":""},"class_list":["post-1872","page","type-page","status-publish","hentry"],"_links":{"self":[{"href":"https:\/\/adler-leukerbad.ch\/fr\/wp-json\/wp\/v2\/pages\/1872","targetHints":{"allow":["GET"]}}],"collection":[{"href":"https:\/\/adler-leukerbad.ch\/fr\/wp-json\/wp\/v2\/pages"}],"about":[{"href":"https:\/\/adler-leukerbad.ch\/fr\/wp-json\/wp\/v2\/types\/page"}],"author":[{"embeddable":true,"href":"https:\/\/adler-leukerbad.ch\/fr\/wp-json\/wp\/v2\/users\/3"}],"replies":[{"embeddable":true,"href":"https:\/\/adler-leukerbad.ch\/fr\/wp-json\/wp\/v2\/comments?post=1872"}],"version-history":[{"count":24,"href":"https:\/\/adler-leukerbad.ch\/fr\/wp-json\/wp\/v2\/pages\/1872\/revisions"}],"predecessor-version":[{"id":2647,"href":"https:\/\/adler-leukerbad.ch\/fr\/wp-json\/wp\/v2\/pages\/1872\/revisions\/2647"}],"wp:attachment":[{"href":"https:\/\/adler-leukerbad.ch\/fr\/wp-json\/wp\/v2\/media?parent=1872"}],"curies":[{"name":"wp","href":"https:\/\/api.w.org\/{rel}","templated":true}]}}